{"id":153,"date":"2016-04-12T18:22:38","date_gmt":"2016-04-12T18:22:38","guid":{"rendered":"http:\/\/rociodoshermanas.es\/?page_id=153"},"modified":"2016-04-15T09:36:02","modified_gmt":"2016-04-15T09:36:02","slug":"junta-de-gobierno","status":"publish","type":"page","link":"https:\/\/rociodoshermanas.es\/?page_id=153","title":{"rendered":"Junta de Gobierno"},"content":{"rendered":"<p><img loading=\"lazy\" decoding=\"async\" class=\"size-large wp-image-154 aligncenter\" src=\"http:\/\/rociodoshermanas.es\/wp-content\/uploads\/2016\/04\/juntagob-1024x768.jpg\" alt=\"juntagob\" width=\"604\" height=\"453\" srcset=\"https:\/\/rociodoshermanas.es\/wp-content\/uploads\/2016\/04\/juntagob-1024x768.jpg 1024w, https:\/\/rociodoshermanas.es\/wp-content\/uploads\/2016\/04\/juntagob-300x225.jpg 300w, https:\/\/rociodoshermanas.es\/wp-content\/uploads\/2016\/04\/juntagob-768x576.jpg 768w, https:\/\/rociodoshermanas.es\/wp-content\/uploads\/2016\/04\/juntagob.jpg 1600w\" sizes=\"auto, (max-width: 604px) 100vw, 604px\" \/><\/p>\n<p style=\"text-align: center;\">Hermano Mayor: <strong>Juan Sanchez Cumplido.<\/strong><\/p>\n<p style=\"text-align: center;\">Teniente Hermano Mayor: <strong>Francisco G\u00f3mez Alonso.<\/strong><\/p>\n<p style=\"text-align: center;\">\u2022 Mayordomo 1\u00ba: <strong>Jes\u00fas Manuel Quintano Moreno.<\/strong><\/p>\n<p style=\"text-align: center;\">\u2022 Secretario 1\u00ba: <strong>Jos\u00e9 Antonio Alonso Cardona.<\/strong><\/p>\n<p style=\"text-align: center;\">\u2022 Fiscal: <strong>Francisco Tom\u00e1s Varela Cintas.<\/strong><\/p>\n<p style=\"text-align: center;\">\u2022 Alcalde de Carretas 1\u00ba: <strong>Guillermo Manzano Cordero.<\/strong><\/p>\n<p style=\"text-align: center;\">\u2022 Prioste 1\u00ba: <strong>Jos\u00e9 Manuel Pav\u00f3n Rubio.<\/strong><\/p>\n<p style=\"text-align: center;\">\u2022 Mayordomo 2\u00ba: <strong>Nicasio L\u00f3pez Chac\u00f3n.<\/strong><\/p>\n<p style=\"text-align: center;\">\u2022 Secretario 2\u00ba: <strong>Jos\u00e9 Mije Gonz\u00e1lez.<\/strong><\/p>\n<p style=\"text-align: center;\">\u2022 Alcalde de Carretas 2\u00ba: <strong>Jos\u00e9 Manuel Garc\u00eda Fern\u00e1ndez.<\/strong><\/p>\n<p style=\"text-align: center;\">\u2022 Prioste 2\u00ba: <strong>Francisco Manuel Garc\u00eda Mar\u00edn.<\/strong><\/p>\n<p style=\"text-align: center;\">\u2022 Alcalde de Carretas 3\u00ba: <strong>Luis Jes\u00fas Romero Rubio.<\/strong><\/p>\n<p style=\"text-align: center;\">\u2022 Prioste 3\u00ba: <strong>Jes\u00fas Mar\u00eda Naranjo Rodr\u00edguez.<\/strong><\/p>\n<p style=\"text-align: center;\">\u2022 Vocal: <strong>Fernando L\u00f3pez Jim\u00e9nez.<\/strong><\/p>\n<p style=\"text-align: center;\">\u2022 Vocal: <strong>Pedro Jes\u00fas Ram\u00edrez Rubio.<\/strong><\/p>\n<p style=\"text-align: center;\">\u2022 Vocal:<strong> Jos\u00e9 Antonio Fern\u00e1ndez Mu\u00f1oz.<\/strong><\/p>\n<p style=\"text-align: center;\">\u2022 Vocal: <strong>Juan Manuel Alcoba Mayo.<\/strong><\/p>\n","protected":false},"excerpt":{"rendered":"<p>Hermano Mayor: Juan Sanchez Cumplido. Teniente Hermano Mayor: Francisco G\u00f3mez Alonso. \u2022 Mayordomo 1\u00ba: Jes\u00fas Manuel Quintano Moreno. \u2022 Secretario 1\u00ba: Jos\u00e9 Antonio Alonso Cardona. \u2022 Fiscal: Francisco Tom\u00e1s Varela Cintas. \u2022<a class=\"moretag\" href=\"https:\/\/rociodoshermanas.es\/?page_id=153\">Leer m\u00e1s&#8230;<\/a><\/p>\n","protected":false},"author":1,"featured_media":0,"parent":99,"menu_order":0,"comment_status":"closed","ping_status":"closed","template":"","meta":{"jetpack_post_was_ever_published":false,"footnotes":""},"class_list":["post-153","page","type-page","status-publish","hentry"],"jetpack_sharing_enabled":true,"jetpack_shortlink":"https:\/\/wp.me\/P8wOBG-2t","_links":{"self":[{"href":"https:\/\/rociodoshermanas.es\/index.php?rest_route=\/wp\/v2\/pages\/153","targetHints":{"allow":["GET"]}}],"collection":[{"href":"https:\/\/rociodoshermanas.es\/index.php?rest_route=\/wp\/v2\/pages"}],"about":[{"href":"https:\/\/rociodoshermanas.es\/index.php?rest_route=\/wp\/v2\/types\/page"}],"author":[{"embeddable":true,"href":"https:\/\/rociodoshermanas.es\/index.php?rest_route=\/wp\/v2\/users\/1"}],"replies":[{"embeddable":true,"href":"https:\/\/rociodoshermanas.es\/index.php?rest_route=%2Fwp%2Fv2%2Fcomments&post=153"}],"version-history":[{"count":3,"href":"https:\/\/rociodoshermanas.es\/index.php?rest_route=\/wp\/v2\/pages\/153\/revisions"}],"predecessor-version":[{"id":1123,"href":"https:\/\/rociodoshermanas.es\/index.php?rest_route=\/wp\/v2\/pages\/153\/revisions\/1123"}],"up":[{"embeddable":true,"href":"https:\/\/rociodoshermanas.es\/index.php?rest_route=\/wp\/v2\/pages\/99"}],"wp:attachment":[{"href":"https:\/\/rociodoshermanas.es\/index.php?rest_route=%2Fwp%2Fv2%2Fmedia&parent=153"}],"curies":[{"name":"wp","href":"https:\/\/api.w.org\/{rel}","templated":true}]}}